{"id":358,"date":"2021-03-28T22:40:48","date_gmt":"2021-03-28T22:40:48","guid":{"rendered":"http:\/\/kaleidoscopio.com.ar\/performateca\/?post_type=portfolio&#038;p=358"},"modified":"2021-03-31T20:33:25","modified_gmt":"2021-03-31T20:33:25","slug":"rebecca-horn-2","status":"publish","type":"portfolio","link":"http:\/\/kaleidoscopio.com.ar\/performateca\/portfolio-item\/rebecca-horn-2\/","title":{"rendered":"Yves Klein"},"content":{"rendered":"\t\t<div data-elementor-type=\"wp-post\" data-elementor-id=\"358\" class=\"elementor elementor-358\">\n\t\t\t\t\t\t<section class=\"elementor-section elementor-top-section elementor-element elementor-element-d038357 elementor-section-boxed elementor-section-height-default elementor-section-height-default\" data-id=\"d038357\" data-element_type=\"section\" data-e-type=\"section\">\n\t\t\t\t\t\t<div class=\"elementor-container elementor-column-gap-default\">\n\t\t\t\t\t<div class=\"elementor-column elementor-col-100 elementor-top-column elementor-element elementor-element-6c8c1b1\" data-id=\"6c8c1b1\" data-element_type=\"column\" data-e-type=\"column\">\n\t\t\t<div class=\"elementor-widget-wrap elementor-element-populated\">\n\t\t\t\t\t\t<section class=\"elementor-section elementor-inner-section elementor-element elementor-element-e963111 elementor-section-boxed elementor-section-height-default elementor-section-height-default\" data-id=\"e963111\" data-element_type=\"section\" data-e-type=\"section\">\n\t\t\t\t\t\t<div class=\"elementor-container elementor-column-gap-default\">\n\t\t\t\t\t<div class=\"elementor-column elementor-col-50 elementor-inner-column elementor-element elementor-element-0f7c1dd\" data-id=\"0f7c1dd\" data-element_type=\"column\" data-e-type=\"column\">\n\t\t\t<div class=\"elementor-widget-wrap elementor-element-populated\">\n\t\t\t\t\t\t<div class=\"elementor-element elementor-element-1871254 elementor-widget elementor-widget-image\" data-id=\"1871254\" data-element_type=\"widget\" data-e-type=\"widget\" data-widget_type=\"image.default\">\n\t\t\t\t<div class=\"elementor-widget-container\">\n\t\t\t\t\t\t\t\t\t\t\t\t\t\t\t<img fetchpriority=\"high\" decoding=\"async\" width=\"800\" height=\"600\" src=\"http:\/\/kaleidoscopio.com.ar\/performateca\/wp-content\/uploads\/2021\/03\/YVES-KLEIN.jpg\" class=\"attachment-large size-large wp-image-357\" alt=\"\" srcset=\"http:\/\/kaleidoscopio.com.ar\/performateca\/wp-content\/uploads\/2021\/03\/YVES-KLEIN.jpg 800w, http:\/\/kaleidoscopio.com.ar\/performateca\/wp-content\/uploads\/2021\/03\/YVES-KLEIN-300x225.jpg 300w, http:\/\/kaleidoscopio.com.ar\/performateca\/wp-content\/uploads\/2021\/03\/YVES-KLEIN-768x576.jpg 768w, http:\/\/kaleidoscopio.com.ar\/performateca\/wp-content\/uploads\/2021\/03\/YVES-KLEIN-195x146.jpg 195w, http:\/\/kaleidoscopio.com.ar\/performateca\/wp-content\/uploads\/2021\/03\/YVES-KLEIN-50x38.jpg 50w, http:\/\/kaleidoscopio.com.ar\/performateca\/wp-content\/uploads\/2021\/03\/YVES-KLEIN-100x75.jpg 100w\" sizes=\"(max-width: 800px) 100vw, 800px\" \/>\t\t\t\t\t\t\t\t\t\t\t\t\t\t\t<\/div>\n\t\t\t\t<\/div>\n\t\t\t\t<div class=\"elementor-element elementor-element-3fdff51 elementor-widget elementor-widget-heading\" data-id=\"3fdff51\" data-element_type=\"widget\" data-e-type=\"widget\" data-widget_type=\"heading.default\">\n\t\t\t\t<div class=\"elementor-widget-container\">\n\t\t\t\t\t<h2 class=\"elementor-heading-title elementor-size-default\">Bio<\/h2>\t\t\t\t<\/div>\n\t\t\t\t<\/div>\n\t\t\t\t\t<\/div>\n\t\t<\/div>\n\t\t\t\t<div class=\"elementor-column elementor-col-50 elementor-inner-column elementor-element elementor-element-a83c8a9\" data-id=\"a83c8a9\" data-element_type=\"column\" data-e-type=\"column\">\n\t\t\t<div class=\"elementor-widget-wrap elementor-element-populated\">\n\t\t\t\t\t\t<div class=\"elementor-element elementor-element-10578f6 elementor-widget elementor-widget-text-editor\" data-id=\"10578f6\" data-element_type=\"widget\" data-e-type=\"widget\" data-widget_type=\"text-editor.default\">\n\t\t\t\t<div class=\"elementor-widget-container\">\n\t\t\t\t\t\t\t\t\t<p>(Niza, Francia, 1928 \u2013 Par\u00eds, Francia, 1992)<\/p><p>Pintor franc\u00e9s. Su prematura muerte contribuy\u00f3 a consolidar la aureola m\u00edtica que la intensidad y el car\u00e1cter ins\u00f3lito de sus propias actividades (acciones, pinturas, exposiciones o composiciones musicales) le hab\u00edan ya proporcionado en vida.<\/p><p>Klein fund\u00eda el inconformismo dada\u00edsta con una profunda espiritualidad que se sustentaba en su pasi\u00f3n por la filosof\u00eda oriental y por el esoterismo. De hecho, estaba adscrito a la secta de los Rosacruces y practicaba el k\u00e1rate como una forma de integrar la energ\u00eda f\u00edsica y la espiritual. Todas sus acciones ten\u00edan para \u00e9l un sentido metaf\u00f3rico y con ellas anticip\u00f3 pr\u00e1cticas que luego se hicieron comunes a lo largo de la d\u00e9cada de los sesenta.<\/p><p>En 1954 inici\u00f3 sus pinturas de campos monocromos, que al principio eran de diversas tonalidades pero que finalmente redujo al azul ultramar. Este color lleg\u00f3 a ser hasta tal punto una huella de reconocimiento de sus obras que \u00e9l mismo lo bautiz\u00f3 como color IKB (<em>International Klein Blue<\/em>).<\/p><p>Sus\u00a0<em>Antropometr\u00edas<\/em>\u00a0son pinturas realizadas por mujeres desnudas que se embadurnaban en azul IKB y se convert\u00edan en una continuaci\u00f3n del pincel del artista cuando dejaban la huella de sus cuerpos sobre lienzos extendidos en la pared o el suelo. En ocasiones las realiz\u00f3 en p\u00fablico y acompa\u00f1ado por m\u00fasicos, preludiando lo que hoy llamar\u00edamos\u00a0<em>performances<\/em>.<\/p><p>Klein quiso elevar a la categor\u00eda de agente pl\u00e1stico a diversos elementos como el humo, el aire o el fuego, y, mediante un lanzallamas, realiz\u00f3 diversas series de\u00a0<em>Pinturas de fuego<\/em>, cuyas superficies mostraban la huella de m\u00faltiples y peque\u00f1as quemaduras. Sus \u00faltimas obras fueron las\u00a0<em>Cosmogon\u00edas<\/em>, soportes pintados que dejaba al aire libre para que los agentes atmosf\u00e9ricos actuaran sobre ellos.<\/p><p>Algunas de sus actividades anticipan lo que ser\u00e1 el arte conceptual; entre ellas, la presentaci\u00f3n en la galer\u00eda Iris Clert de Par\u00eds de una exposici\u00f3n titulada\u00a0<em>Vac\u00edo<\/em>\u00a0(1958). Consisti\u00f3 en dejar un espacio completamente desnudo, lo que para Klein significaba una exhibici\u00f3n de zonas de sensibilidad pict\u00f3rica inmaterial, que no dud\u00f3 en \u00abvender\u00bb. Las ganancias fueron arrojadas al Sena. El anticonvencionalismo de las escenificaciones de Klein y el plurimorfismo de su obra respond\u00edan a un profundo deseo de despertar la conciencia espiritual del ser humano, de amplificar su capacidad para sentir las fuerzas del cosmos y conocer la verdadera esencia del universo.<\/p>\t\t\t\t\t\t\t\t<\/div>\n\t\t\t\t<\/div>\n\t\t\t\t\t<\/div>\n\t\t<\/div>\n\t\t\t\t\t<\/div>\n\t\t<\/section>\n\t\t\t\t<div class=\"elementor-element elementor-element-ab3ce2d elementor-widget-divider--view-line_icon elementor-view-default elementor-widget-divider--element-align-center elementor-widget elementor-widget-divider\" data-id=\"ab3ce2d\" data-element_type=\"widget\" data-e-type=\"widget\" data-widget_type=\"divider.default\">\n\t\t\t\t<div class=\"elementor-widget-container\">\n\t\t\t\t\t\t\t<div class=\"elementor-divider\">\n\t\t\t<span class=\"elementor-divider-separator\">\n\t\t\t\t\t\t\t<div class=\"elementor-icon elementor-divider__element\">\n\t\t\t\t\t<i aria-hidden=\"true\" class=\"fas fa-angle-double-down\"><\/i><\/div>\n\t\t\t\t\t\t<\/span>\n\t\t<\/div>\n\t\t\t\t\t\t<\/div>\n\t\t\t\t<\/div>\n\t\t\t\t\t<\/div>\n\t\t<\/div>\n\t\t\t\t\t<\/div>\n\t\t<\/section>\n\t\t\t\t<section class=\"elementor-section elementor-top-section elementor-element elementor-element-7426df2 elementor-section-boxed elementor-section-height-default elementor-section-height-default\" data-id=\"7426df2\" data-element_type=\"section\" data-e-type=\"section\">\n\t\t\t\t\t\t<div class=\"elementor-container elementor-column-gap-default\">\n\t\t\t\t\t<div class=\"elementor-column elementor-col-100 elementor-top-column elementor-element elementor-element-5fcdf5c\" data-id=\"5fcdf5c\" data-element_type=\"column\" data-e-type=\"column\">\n\t\t\t<div class=\"elementor-widget-wrap elementor-element-populated\">\n\t\t\t\t\t\t<div class=\"elementor-element elementor-element-1520607 elementor-widget elementor-widget-heading\" data-id=\"1520607\" data-element_type=\"widget\" data-e-type=\"widget\" data-widget_type=\"heading.default\">\n\t\t\t\t<div class=\"elementor-widget-container\">\n\t\t\t\t\t<h2 class=\"elementor-heading-title elementor-size-default\">Antropom\u00e9trie<\/h2>\t\t\t\t<\/div>\n\t\t\t\t<\/div>\n\t\t\t\t<div class=\"elementor-element elementor-element-326e12b elementor-widget elementor-widget-text-editor\" data-id=\"326e12b\" data-element_type=\"widget\" data-e-type=\"widget\" data-widget_type=\"text-editor.default\">\n\t\t\t\t<div class=\"elementor-widget-container\">\n\t\t\t\t\t\t\t\t\t<h4>(Trad. Esp.: Antropometr\u00eda)<\/h4>\t\t\t\t\t\t\t\t<\/div>\n\t\t\t\t<\/div>\n\t\t\t\t<div class=\"elementor-element elementor-element-362af4f elementor-widget elementor-widget-video\" data-id=\"362af4f\" data-element_type=\"widget\" data-e-type=\"widget\" data-settings=\"{&quot;video_type&quot;:&quot;hosted&quot;,&quot;controls&quot;:&quot;yes&quot;}\" data-widget_type=\"video.default\">\n\t\t\t\t<div class=\"elementor-widget-container\">\n\t\t\t\t\t\t\t<div class=\"e-hosted-video elementor-wrapper elementor-open-inline\">\n\t\t\t\t\t<video class=\"elementor-video\" src=\"http:\/\/kaleidoscopio.com.ar\/performateca\/wp-content\/uploads\/2021\/03\/YVES-KLEIN_Antropometrie_1960.mp4\" controls=\"\" preload=\"metadata\" controlsList=\"nodownload\"><\/video>\n\t\t\t\t<\/div>\n\t\t\t\t\t\t<\/div>\n\t\t\t\t<\/div>\n\t\t\t\t\t<\/div>\n\t\t<\/div>\n\t\t\t\t\t<\/div>\n\t\t<\/section>\n\t\t\t\t<section class=\"elementor-section elementor-top-section elementor-element elementor-element-2e42c4f elementor-section-boxed elementor-section-height-default elementor-section-height-default\" data-id=\"2e42c4f\" data-element_type=\"section\" data-e-type=\"section\">\n\t\t\t\t\t\t<div class=\"elementor-container elementor-column-gap-wide\">\n\t\t\t\t\t<div class=\"elementor-column elementor-col-66 elementor-top-column elementor-element elementor-element-2dc8446\" data-id=\"2dc8446\" data-element_type=\"column\" data-e-type=\"column\">\n\t\t\t<div class=\"elementor-widget-wrap elementor-element-populated\">\n\t\t\t\t\t\t<div class=\"elementor-element elementor-element-9519b52 elementor-widget elementor-widget-text-editor\" data-id=\"9519b52\" data-element_type=\"widget\" data-e-type=\"widget\" data-widget_type=\"text-editor.default\">\n\t\t\t\t<div class=\"elementor-widget-container\">\n\t\t\t\t\t\t\t\t\t<h1><span style=\"color: #bab3a7;\"><strong>ETIQUETA DID\u00c1CTICA<\/strong><\/span><\/h1><p><strong>Nivel:<\/strong> Profesorado y\/o Tecnicatura en Artes Visuales.<\/p><p><strong>\u00c1reas:<\/strong> Est\u00e9tica. Est\u00e9tica de la Recepci\u00f3n. Est\u00e9ticas Contempor\u00e1neas. Lenguaje Visual III. Semi\u00f3tica. Arte, \u00c9tica y Profesi\u00f3n. Educaci\u00f3n Sexual Integral.<\/p><p><strong>Contenido:<\/strong> Happening, cuerpo-herramienta, cuerpo-pincel, huellas corporales, problem\u00e1tica de g\u00e9nero, mujer-objeto, problem\u00e1tica de g\u00e9nero.<\/p><p><strong>Observaciones:<\/strong> Klein, brocha en mano, aplicaba color sobre el cuerpo desnudo de una mujer. Y luego era ella misma quien se tumbaba sobre el lienzo, dejando la huella de su cuerpo como obra de arte. Pechos, vientre, cadera, la silueta que quedaba en el lienzo era indiscutiblemente, la de una mujer.<\/p><p>Las Antropometr\u00edas llegaron en marzo de 1960 a la Galerie Internationale d\u00b4 Art Contemporain del conde Arquian y causaron sensaci\u00f3n. El aire distinguido de las salas de la calle Saint-Honor\u00e9 se adaptaba bien, por el contraste, a este proyecto arriesgado: representar ante un p\u00fablico escogido una situaci\u00f3n solemne con un programa inusual del que formaban parte modelos desnudas y una orquesta de veinte solistas. Al proceso, que dur\u00f3 cuarenta minutos y se acompa\u00f1\u00f3 por la llamada\u00a0<em>Sinfon\u00eda mon\u00f3tona<\/em>, sigui\u00f3 un animado debate sobre la funci\u00f3n del mito y el ritual en el arte.<\/p><p>Aquella presentaci\u00f3n antecedi\u00f3 a medio centenar de antropometr\u00edas sobre papel y unas treinta sobre seda. La morfolog\u00eda de cada una depend\u00eda de la anatom\u00eda, expresividad y talento de cada modelo: las hay est\u00e1ticas y din\u00e1micas, positivas o negativas (en estas \u00faltimas, la pintura se pulveriz\u00f3 alrededor de las modelos con una pistola, dejando las formas de los cuerpos en blanco). Se trata siempre de huellas, pero en estas obras se elimina la intervenci\u00f3n directa de la mano del artista y las impresiones se llevan a cabo en un ritual privado o p\u00fablico, seg\u00fan instrucciones precisas.<\/p><p>Las Antropometr\u00edas significaban para Klein, una energ\u00eda vital, real y portadora de vida, no una vuelta a la figuraci\u00f3n. Por eso solo podr\u00edan configurarse por individuos reales en el acuerdo com\u00fan de un ritual, sin contacto personal o directo, en un trabajo creativo conjunto.<\/p>\t\t\t\t\t\t\t\t<\/div>\n\t\t\t\t<\/div>\n\t\t\t\t\t<\/div>\n\t\t<\/div>\n\t\t\t\t<div class=\"elementor-column elementor-col-33 elementor-top-column elementor-element elementor-element-1c9e254\" data-id=\"1c9e254\" data-element_type=\"column\" data-e-type=\"column\" data-settings=\"{&quot;background_background&quot;:&quot;classic&quot;}\">\n\t\t\t<div class=\"elementor-widget-wrap elementor-element-populated\">\n\t\t\t\t\t\t<div class=\"elementor-element elementor-element-bc9f046 elementor-widget elementor-widget-heading\" data-id=\"bc9f046\" data-element_type=\"widget\" data-e-type=\"widget\" data-widget_type=\"heading.default\">\n\t\t\t\t<div class=\"elementor-widget-container\">\n\t\t\t\t\t<h1 class=\"elementor-heading-title elementor-size-default\">Ficha t\u00e9cnica<\/h1>\t\t\t\t<\/div>\n\t\t\t\t<\/div>\n\t\t\t\t<div class=\"elementor-element elementor-element-c064930 elementor-widget-divider--view-line elementor-widget elementor-widget-divider\" data-id=\"c064930\" data-element_type=\"widget\" data-e-type=\"widget\" data-widget_type=\"divider.default\">\n\t\t\t\t<div class=\"elementor-widget-container\">\n\t\t\t\t\t\t\t<div class=\"elementor-divider\">\n\t\t\t<span class=\"elementor-divider-separator\">\n\t\t\t\t\t\t<\/span>\n\t\t<\/div>\n\t\t\t\t\t\t<\/div>\n\t\t\t\t<\/div>\n\t\t\t\t<div class=\"elementor-element elementor-element-83618a4 elementor-widget elementor-widget-text-editor\" data-id=\"83618a4\" data-element_type=\"widget\" data-e-type=\"widget\" data-widget_type=\"text-editor.default\">\n\t\t\t\t<div class=\"elementor-widget-container\">\n\t\t\t\t\t\t\t\t\t<p>Autor\/a: <strong>Yves Klein (<\/strong>Niza, Francia, 1928 \u2013 Par\u00eds, Francia, 1992)<\/p><p>T\u00edtulo: <strong>Antropometrie<\/strong><\/p><p>Lugar y a\u00f1o: <strong>Gal\u00e9rie Internacionale d\u2019Art Contemporain de Par\u00eds, Francia, 1960<\/strong><\/p><p>T\u00e9cnica: <strong>Performance<\/strong><\/p><p>Duraci\u00f3n: <strong>Variable<\/strong><\/p><p>Registro original: <strong>Fotograf\u00edas y videos<\/strong><\/p><p>Fuente: <a href=\"https:\/\/www.youtube.com\/watch?v=NLt2xsrjDNw\">YouTube<\/a><\/p><p>Soporte\/Medio: Video documental. ARB Archivo Arte <strong>Contempor\u00e1neo<\/strong><\/p><p>Duraci\u00f3n: <strong>9 min 27 seg (Fragmento)<\/strong><\/p>\t\t\t\t\t\t\t\t<\/div>\n\t\t\t\t<\/div>\n\t\t\t\t\t<\/div>\n\t\t<\/div>\n\t\t\t\t\t<\/div>\n\t\t<\/section>\n\t\t\t\t<\/div>\n\t\t","protected":false},"excerpt":{"rendered":"<p>Bio (Niza, Francia, 1928 \u2013 Par\u00eds, Francia, 1992) Pintor franc\u00e9s. Su prematura muerte contribuy\u00f3 a consolidar la aureola m\u00edtica que la intensidad y el car\u00e1cter ins\u00f3lito<span class=\"excerpt-hellip\"> [\u2026]<\/span><\/p>\n","protected":false},"author":2,"featured_media":357,"menu_order":10,"comment_status":"closed","ping_status":"closed","template":"","meta":[],"portfolio-types":[],"class_list":["post-358","portfolio","type-portfolio","status-publish","has-post-thumbnail","hentry"],"_links":{"self":[{"href":"http:\/\/kaleidoscopio.com.ar\/performateca\/wp-json\/wp\/v2\/portfolio\/358","targetHints":{"allow":["GET"]}}],"collection":[{"href":"http:\/\/kaleidoscopio.com.ar\/performateca\/wp-json\/wp\/v2\/portfolio"}],"about":[{"href":"http:\/\/kaleidoscopio.com.ar\/performateca\/wp-json\/wp\/v2\/types\/portfolio"}],"author":[{"embeddable":true,"href":"http:\/\/kaleidoscopio.com.ar\/performateca\/wp-json\/wp\/v2\/users\/2"}],"replies":[{"embeddable":true,"href":"http:\/\/kaleidoscopio.com.ar\/performateca\/wp-json\/wp\/v2\/comments?post=358"}],"version-history":[{"count":11,"href":"http:\/\/kaleidoscopio.com.ar\/performateca\/wp-json\/wp\/v2\/portfolio\/358\/revisions"}],"predecessor-version":[{"id":698,"href":"http:\/\/kaleidoscopio.com.ar\/performateca\/wp-json\/wp\/v2\/portfolio\/358\/revisions\/698"}],"wp:featuredmedia":[{"embeddable":true,"href":"http:\/\/kaleidoscopio.com.ar\/performateca\/wp-json\/wp\/v2\/media\/357"}],"wp:attachment":[{"href":"http:\/\/kaleidoscopio.com.ar\/performateca\/wp-json\/wp\/v2\/media?parent=358"}],"wp:term":[{"taxonomy":"portfolio-types","embeddable":true,"href":"http:\/\/kaleidoscopio.com.ar\/performateca\/wp-json\/wp\/v2\/portfolio-types?post=358"}],"curies":[{"name":"wp","href":"https:\/\/api.w.org\/{rel}","templated":true}]}}